{"id":381,"date":"2015-05-01T06:49:07","date_gmt":"2015-05-01T06:49:07","guid":{"rendered":"http:\/\/planext.ca\/a-protect\/?post_type=faq&#038;p=381"},"modified":"2018-08-11T03:41:46","modified_gmt":"2018-08-11T07:41:46","slug":"what-happens-if-after-ive-taken-my-car-in-for-repairs-i-experience-the-same-problem-am-i-responsible-for-any-extra-expenses","status":"publish","type":"faq","link":"https:\/\/a-protectwarranty.com\/fr\/faq\/what-happens-if-after-ive-taken-my-car-in-for-repairs-i-experience-the-same-problem-am-i-responsible-for-any-extra-expenses\/","title":{"rendered":"Que se passe-t-il si mon v\u00e9hicule \u00e9prouve les m\u00eames probl\u00e8mes, m\u00eame apr\u00e8s les r\u00e9parations? Suis-je responsable de toute d\u00e9pense suppl\u00e9mentaire?"},"content":{"rendered":"<p>Les r\u00e9parations sont accompagn\u00e9es d\u2019une garantie de 12 mois. Si le m\u00eame probl\u00e8me survient au courant de cette p\u00e9riode, il sera alors enti\u00e8rement couvert par la garantie, \u00e0 l\u2019exception des fournitures du garage et de la franchise.<\/p>","protected":false},"parent":0,"template":"","faq_cat":[3],"faq_tags":[],"_links":{"self":[{"href":"https:\/\/a-protectwarranty.com\/fr\/wp-json\/wp\/v2\/faq\/381"}],"collection":[{"href":"https:\/\/a-protectwarranty.com\/fr\/wp-json\/wp\/v2\/faq"}],"about":[{"href":"https:\/\/a-protectwarranty.com\/fr\/wp-json\/wp\/v2\/types\/faq"}],"wp:attachment":[{"href":"https:\/\/a-protectwarranty.com\/fr\/wp-json\/wp\/v2\/media?parent=381"}],"wp:term":[{"taxonomy":"faq_cat","embeddable":true,"href":"https:\/\/a-protectwarranty.com\/fr\/wp-json\/wp\/v2\/faq_cat?post=381"},{"taxonomy":"faq_tags","embeddable":true,"href":"https:\/\/a-protectwarranty.com\/fr\/wp-json\/wp\/v2\/faq_tags?post=381"}],"curies":[{"name":"wp","href":"https:\/\/api.w.org\/{rel}","templated":true}]}}